{"version":"1.0","provider_name":"Web del Museo de Inform\u00e1tica 2.0","provider_url":"https:\/\/museo.inf.upv.es\/en","author_name":"admin","author_url":"https:\/\/museo.inf.upv.es\/en\/blog\/author\/museoinfnueva\/","title":"2018 RETR\u00d3POLIS COLLABORATORS - Web del Museo de Inform\u00e1tica 2.0","type":"rich","width":600,"height":338,"html":"<blockquote class=\"wp-embedded-content\" data-secret=\"jszhWLMqPD\"><a href=\"https:\/\/museo.inf.upv.es\/en\/blog\/2018\/06\/27\/colaboradores-retropolis-2018\/\">2018 RETR\u00d3POLIS COLLABORATORS<\/a><\/blockquote><iframe sandbox=\"allow-scripts\" security=\"restricted\" src=\"https:\/\/museo.inf.upv.es\/en\/blog\/2018\/06\/27\/colaboradores-retropolis-2018\/embed\/#?secret=jszhWLMqPD\" width=\"600\" height=\"338\" title=\"&#8220;2018 RETR\u00d3POLIS COLLABORATORS&#8221; &#8212; Web del Museo de Inform\u00e1tica 2.0\" data-secret=\"jszhWLMqPD\" frameborder=\"0\" marginwidth=\"0\" marginheight=\"0\" scrolling=\"no\" class=\"wp-embedded-content\"><\/iframe><script type=\"text\/javascript\">\n\/* <![CDATA[ *\/\n\/*! This file is auto-generated *\/\n!function(d,l){\"use strict\";l.querySelector&&d.addEventListener&&\"undefined\"!=typeof URL&&(d.wp=d.wp||{},d.wp.receiveEmbedMessage||(d.wp.receiveEmbedMessage=function(e){var t=e.data;if((t||t.secret||t.message||t.value)&&!\/[^a-zA-Z0-9]\/.test(t.secret)){for(var s,r,n,a=l.querySelectorAll('iframe[data-secret=\"'+t.secret+'\"]'),o=l.querySelectorAll('blockquote[data-secret=\"'+t.secret+'\"]'),c=new RegExp(\"^https?:$\",\"i\"),i=0;i<o.length;i++)o[i].style.display=\"none\";for(i=0;i<a.length;i++)s=a[i],e.source===s.contentWindow&&(s.removeAttribute(\"style\"),\"height\"===t.message?(1e3<(r=parseInt(t.value,10))?r=1e3:~~r<200&&(r=200),s.height=r):\"link\"===t.message&&(r=new URL(s.getAttribute(\"src\")),n=new URL(t.value),c.test(n.protocol))&&n.host===r.host&&l.activeElement===s&&(d.top.location.href=t.value))}},d.addEventListener(\"message\",d.wp.receiveEmbedMessage,!1),l.addEventListener(\"DOMContentLoaded\",function(){for(var e,t,s=l.querySelectorAll(\"iframe.wp-embedded-content\"),r=0;r<s.length;r++)(t=(e=s[r]).getAttribute(\"data-secret\"))||(t=Math.random().toString(36).substring(2,12),e.src+=\"#?secret=\"+t,e.setAttribute(\"data-secret\",t)),e.contentWindow.postMessage({message:\"ready\",secret:t},\"*\")},!1)))}(window,document);\n\/\/# sourceURL=https:\/\/museo.inf.upv.es\/wp-includes\/js\/wp-embed.min.js\n\/* ]]> *\/\n<\/script>\n","description":"Escuela T\u00e9cnica Superior de Ingenier\u00eda Inform\u00e1tica La Escuela T\u00e9cnica Superior de Ingenier\u00eda Inform\u00e1tica de la UPV, resultante de la integraci\u00f3n en un \u00fanico centro de la Escuela T\u00e9cnica Superior de Inform\u00e1tica Aplicada y de la Facultad de Inform\u00e1tica, se crea en virtud del Decreto 33\/2009 del Consell, de 27 de febrero de 2009. El nuevo [&hellip;]","thumbnail_url":"https:\/\/museoinf.webs.upv.es\/wp-content\/uploads\/2018\/06\/STINF_Principal_C_B-300x118.png"}