{"id":252,"date":"2021-03-31T14:55:56","date_gmt":"2021-03-31T14:55:56","guid":{"rendered":"https:\/\/museoupdating.webs.upv.es\/nuevaweb\/?page_id=252"},"modified":"2021-04-23T19:46:02","modified_gmt":"2021-04-23T19:46:02","slug":"premios-alan-turing","status":"publish","type":"page","link":"https:\/\/museo.inf.upv.es\/va\/premios-alan-turing\/","title":{"rendered":"Premis Alan Turing"},"content":{"rendered":"<p style=\"text-align: justify;\"> El Museu d\u2019Inform\u00e0tica i l\u2019Escola T\u00e8cnica Superior d\u2019Enginyeria Inform\u00e0tica (ETSINF), us conviden a visitar l\u2019Exposici\u00f3 sobre el\u00a0Premi Turing\u00a0 (ACM Turing Award)\u00a0que hi ha instal\u00b7lada en la planta baixa de l\u2019edifici 1 G.<\/p>\n<p><img loading=\"lazy\" decoding=\"async\" class=\"aligncenter wp-image-274 size-full\" src=\"https:\/\/museoinf.webs.upv.es\/wp-content\/uploads\/2021\/03\/I-ETS-1802-premios-turing.png\" alt=\"\" width=\"1268\" height=\"898\" srcset=\"https:\/\/museo.inf.upv.es\/wp-content\/uploads\/2021\/03\/I-ETS-1802-premios-turing.png 1268w, https:\/\/museo.inf.upv.es\/wp-content\/uploads\/2021\/03\/I-ETS-1802-premios-turing-300x212.png 300w, https:\/\/museo.inf.upv.es\/wp-content\/uploads\/2021\/03\/I-ETS-1802-premios-turing-1024x725.png 1024w, https:\/\/museo.inf.upv.es\/wp-content\/uploads\/2021\/03\/I-ETS-1802-premios-turing-768x544.png 768w\" sizes=\"auto, (max-width: 1268px) 100vw, 1268px\" \/><\/p>\n<p style=\"text-align: justify;\">L\u2019exposici\u00f3 tracta de donar visibilitat a les grans figures de l\u2019enginyeria inform\u00e0tica, en l\u00ednia amb altres iniciatives de divulgaci\u00f3 promogudes pel Museu i l\u2019ETSINF.\u00a0 Per a a\u00e7\u00f2 s\u2019ha seleccionat una vintena de guardonats i guardonades que es mostren en diferents\u00a0p\u00f2sters al costat del camp on van destacar i que els va portar a obtenir el reconeixement d\u2019ACM.<\/p>\n<p>Entre les figures presents trobem a investigadors i professionals de la talla de\u00a0<strong>C. Antony R. Hoare<\/strong>, <strong>Edsger Dijkstra<\/strong> o <strong>Barbara Liskov\u00a0<\/strong> presents per les seues contribucions a la definici\u00f3 i disseny de llenguatges de programaci\u00f3.<\/p>\n<p>En el disseny de la mostra ha participat l\u2019equip de treball del\u00a0Museu d\u2019Inform\u00e0tica. L\u2019exposici\u00f3 romandr\u00e0 en els panells situats en la planta baixa de l\u2019edifici 1G.<\/p>\n<p>Visita-la i indica\u2019ns a qui m\u00e9s incorporaries. Si comparteixes alguna imatge en xarxes, etiqueta-la amb <strong>#TuringUPV<\/strong> i ens farem ress\u00f2 des dels canals de la ETSINF i el Museu.<\/p>\n<p><strong>Sobre el premi Turing<\/strong><\/p>\n<p>El Premi Turing \u00e9s un premi de les Ci\u00e8ncies de la Computaci\u00f3 que \u00e9s atorgat anualment des de 1966 per l\u2019<em>Association for Computing Machinery<\/em> (ACM) als qui hagen contribu\u00eft de manera transcendental al camp de les ci\u00e8ncies computacionals.<\/p>\n<p>El guard\u00f3 ret homenatge a Alan Turing, considerat un dels pares de la inform\u00e0tica, i des de l\u2019any 2014 \u00e9s patrocinat per Google, que recompensa amb un premi d\u2019un mili\u00f3 de d\u00f2lars nord-americans el guanyador. <\/p>\n<h3><span style=\"color: #d1005d;\"> Mira els p\u00f2sters ac\u00ed<\/span><\/h3>\n\n\t\t<style type=\"text\/css\">\n\t\t\t#gallery-1 {\n\t\t\t\tmargin: auto;\n\t\t\t}\n\t\t\t#gallery-1 .gallery-item {\n\t\t\t\tfloat: left;\n\t\t\t\tmargin-top: 10px;\n\t\t\t\ttext-align: center;\n\t\t\t\twidth: 25%;\n\t\t\t}\n\t\t\t#gallery-1 img {\n\t\t\t\tborder: 2px solid #cfcfcf;\n\t\t\t}\n\t\t\t#gallery-1 .gallery-caption {\n\t\t\t\tmargin-left: 0;\n\t\t\t}\n\t\t\t\/* see gallery_shortcode() in wp-includes\/media.php *\/\n\t\t<\/style>\n\t\t<div id='gallery-1' class='gallery galleryid-252 gallery-columns-4 gallery-size-medium'><dl class='gallery-item'>\n\t\t\t<dt class='gallery-icon portrait'>\n\t\t\t\t<a href='https:\/\/museo.inf.upv.es\/va\/premios-alan-turing\/slide14\/#main'><img loading=\"lazy\" decoding=\"async\" width=\"212\" height=\"300\" src=\"https:\/\/museo.inf.upv.es\/wp-content\/uploads\/2021\/03\/Slide14-212x300.jpg\" class=\"attachment-medium size-medium\" alt=\"\" srcset=\"https:\/\/museo.inf.upv.es\/wp-content\/uploads\/2021\/03\/Slide14-212x300.jpg 212w, https:\/\/museo.inf.upv.es\/wp-content\/uploads\/2021\/03\/Slide14-723x1024.jpg 723w, https:\/\/museo.inf.upv.es\/wp-content\/uploads\/2021\/03\/Slide14-768x1087.jpg 768w, https:\/\/museo.inf.upv.es\/wp-content\/uploads\/2021\/03\/Slide14-1085x1536.jpg 1085w, https:\/\/museo.inf.upv.es\/wp-content\/uploads\/2021\/03\/Slide14.jpg 1280w\" sizes=\"auto, (max-width: 212px) 100vw, 212px\" \/><\/a>\n\t\t\t<\/dt><\/dl><dl class='gallery-item'>\n\t\t\t<dt class='gallery-icon portrait'>\n\t\t\t\t<a href='https:\/\/museo.inf.upv.es\/va\/premios-alan-turing\/slide15\/#main'><img loading=\"lazy\" decoding=\"async\" width=\"212\" height=\"300\" src=\"https:\/\/museo.inf.upv.es\/wp-content\/uploads\/2021\/03\/Slide15-212x300.jpg\" class=\"attachment-medium size-medium\" alt=\"\" srcset=\"https:\/\/museo.inf.upv.es\/wp-content\/uploads\/2021\/03\/Slide15-212x300.jpg 212w, https:\/\/museo.inf.upv.es\/wp-content\/uploads\/2021\/03\/Slide15-723x1024.jpg 723w, https:\/\/museo.inf.upv.es\/wp-content\/uploads\/2021\/03\/Slide15-768x1087.jpg 768w, https:\/\/museo.inf.upv.es\/wp-content\/uploads\/2021\/03\/Slide15-1085x1536.jpg 1085w, https:\/\/museo.inf.upv.es\/wp-content\/uploads\/2021\/03\/Slide15.jpg 1280w\" sizes=\"auto, (max-width: 212px) 100vw, 212px\" \/><\/a>\n\t\t\t<\/dt><\/dl><dl class='gallery-item'>\n\t\t\t<dt class='gallery-icon portrait'>\n\t\t\t\t<a href='https:\/\/museo.inf.upv.es\/va\/premios-alan-turing\/slide12\/#main'><img loading=\"lazy\" decoding=\"async\" width=\"212\" height=\"300\" src=\"https:\/\/museo.inf.upv.es\/wp-content\/uploads\/2021\/03\/Slide12-212x300.jpg\" class=\"attachment-medium size-medium\" alt=\"\" srcset=\"https:\/\/museo.inf.upv.es\/wp-content\/uploads\/2021\/03\/Slide12-212x300.jpg 212w, https:\/\/museo.inf.upv.es\/wp-content\/uploads\/2021\/03\/Slide12-723x1024.jpg 723w, https:\/\/museo.inf.upv.es\/wp-content\/uploads\/2021\/03\/Slide12-768x1087.jpg 768w, https:\/\/museo.inf.upv.es\/wp-content\/uploads\/2021\/03\/Slide12-1085x1536.jpg 1085w, https:\/\/museo.inf.upv.es\/wp-content\/uploads\/2021\/03\/Slide12.jpg 1280w\" sizes=\"auto, (max-width: 212px) 100vw, 212px\" \/><\/a>\n\t\t\t<\/dt><\/dl><dl class='gallery-item'>\n\t\t\t<dt class='gallery-icon portrait'>\n\t\t\t\t<a href='https:\/\/museo.inf.upv.es\/va\/premios-alan-turing\/slide13\/#main'><img loading=\"lazy\" decoding=\"async\" width=\"212\" height=\"300\" src=\"https:\/\/museo.inf.upv.es\/wp-content\/uploads\/2021\/03\/Slide13-212x300.jpg\" class=\"attachment-medium size-medium\" alt=\"\" srcset=\"https:\/\/museo.inf.upv.es\/wp-content\/uploads\/2021\/03\/Slide13-212x300.jpg 212w, https:\/\/museo.inf.upv.es\/wp-content\/uploads\/2021\/03\/Slide13-723x1024.jpg 723w, https:\/\/museo.inf.upv.es\/wp-content\/uploads\/2021\/03\/Slide13-768x1087.jpg 768w, https:\/\/museo.inf.upv.es\/wp-content\/uploads\/2021\/03\/Slide13-1085x1536.jpg 1085w, https:\/\/museo.inf.upv.es\/wp-content\/uploads\/2021\/03\/Slide13.jpg 1280w\" sizes=\"auto, (max-width: 212px) 100vw, 212px\" \/><\/a>\n\t\t\t<\/dt><\/dl><br style=\"clear: both\" \/><dl class='gallery-item'>\n\t\t\t<dt class='gallery-icon portrait'>\n\t\t\t\t<a href='https:\/\/museo.inf.upv.es\/va\/premios-alan-turing\/slide11\/#main'><img loading=\"lazy\" decoding=\"async\" width=\"212\" height=\"300\" src=\"https:\/\/museo.inf.upv.es\/wp-content\/uploads\/2021\/03\/Slide11-212x300.jpg\" class=\"attachment-medium size-medium\" alt=\"\" srcset=\"https:\/\/museo.inf.upv.es\/wp-content\/uploads\/2021\/03\/Slide11-212x300.jpg 212w, https:\/\/museo.inf.upv.es\/wp-content\/uploads\/2021\/03\/Slide11-723x1024.jpg 723w, https:\/\/museo.inf.upv.es\/wp-content\/uploads\/2021\/03\/Slide11-768x1087.jpg 768w, https:\/\/museo.inf.upv.es\/wp-content\/uploads\/2021\/03\/Slide11-1085x1536.jpg 1085w, https:\/\/museo.inf.upv.es\/wp-content\/uploads\/2021\/03\/Slide11.jpg 1280w\" sizes=\"auto, (max-width: 212px) 100vw, 212px\" \/><\/a>\n\t\t\t<\/dt><\/dl><dl class='gallery-item'>\n\t\t\t<dt class='gallery-icon portrait'>\n\t\t\t\t<a href='https:\/\/museo.inf.upv.es\/va\/premios-alan-turing\/slide10\/#main'><img loading=\"lazy\" decoding=\"async\" width=\"212\" height=\"300\" src=\"https:\/\/museo.inf.upv.es\/wp-content\/uploads\/2021\/03\/Slide10-212x300.jpg\" class=\"attachment-medium size-medium\" alt=\"\" srcset=\"https:\/\/museo.inf.upv.es\/wp-content\/uploads\/2021\/03\/Slide10-212x300.jpg 212w, https:\/\/museo.inf.upv.es\/wp-content\/uploads\/2021\/03\/Slide10-723x1024.jpg 723w, https:\/\/museo.inf.upv.es\/wp-content\/uploads\/2021\/03\/Slide10-768x1087.jpg 768w, https:\/\/museo.inf.upv.es\/wp-content\/uploads\/2021\/03\/Slide10-1085x1536.jpg 1085w, https:\/\/museo.inf.upv.es\/wp-content\/uploads\/2021\/03\/Slide10.jpg 1280w\" sizes=\"auto, (max-width: 212px) 100vw, 212px\" \/><\/a>\n\t\t\t<\/dt><\/dl><dl class='gallery-item'>\n\t\t\t<dt class='gallery-icon portrait'>\n\t\t\t\t<a href='https:\/\/museo.inf.upv.es\/va\/premios-alan-turing\/slide09\/#main'><img loading=\"lazy\" decoding=\"async\" width=\"212\" height=\"300\" src=\"https:\/\/museo.inf.upv.es\/wp-content\/uploads\/2021\/03\/Slide09-212x300.jpg\" class=\"attachment-medium size-medium\" alt=\"\" srcset=\"https:\/\/museo.inf.upv.es\/wp-content\/uploads\/2021\/03\/Slide09-212x300.jpg 212w, https:\/\/museo.inf.upv.es\/wp-content\/uploads\/2021\/03\/Slide09-723x1024.jpg 723w, https:\/\/museo.inf.upv.es\/wp-content\/uploads\/2021\/03\/Slide09-768x1087.jpg 768w, https:\/\/museo.inf.upv.es\/wp-content\/uploads\/2021\/03\/Slide09-1085x1536.jpg 1085w, https:\/\/museo.inf.upv.es\/wp-content\/uploads\/2021\/03\/Slide09.jpg 1280w\" sizes=\"auto, (max-width: 212px) 100vw, 212px\" \/><\/a>\n\t\t\t<\/dt><\/dl><dl class='gallery-item'>\n\t\t\t<dt class='gallery-icon portrait'>\n\t\t\t\t<a href='https:\/\/museo.inf.upv.es\/va\/premios-alan-turing\/slide07\/#main'><img loading=\"lazy\" decoding=\"async\" width=\"212\" height=\"300\" src=\"https:\/\/museo.inf.upv.es\/wp-content\/uploads\/2021\/03\/Slide07-212x300.jpg\" class=\"attachment-medium size-medium\" alt=\"\" srcset=\"https:\/\/museo.inf.upv.es\/wp-content\/uploads\/2021\/03\/Slide07-212x300.jpg 212w, https:\/\/museo.inf.upv.es\/wp-content\/uploads\/2021\/03\/Slide07-723x1024.jpg 723w, https:\/\/museo.inf.upv.es\/wp-content\/uploads\/2021\/03\/Slide07-768x1087.jpg 768w, https:\/\/museo.inf.upv.es\/wp-content\/uploads\/2021\/03\/Slide07-1085x1536.jpg 1085w, https:\/\/museo.inf.upv.es\/wp-content\/uploads\/2021\/03\/Slide07.jpg 1280w\" sizes=\"auto, (max-width: 212px) 100vw, 212px\" \/><\/a>\n\t\t\t<\/dt><\/dl><br style=\"clear: both\" \/><dl class='gallery-item'>\n\t\t\t<dt class='gallery-icon portrait'>\n\t\t\t\t<a href='https:\/\/museo.inf.upv.es\/va\/premios-alan-turing\/slide08\/#main'><img loading=\"lazy\" decoding=\"async\" width=\"212\" height=\"300\" src=\"https:\/\/museo.inf.upv.es\/wp-content\/uploads\/2021\/03\/Slide08-212x300.jpg\" class=\"attachment-medium size-medium\" alt=\"\" srcset=\"https:\/\/museo.inf.upv.es\/wp-content\/uploads\/2021\/03\/Slide08-212x300.jpg 212w, https:\/\/museo.inf.upv.es\/wp-content\/uploads\/2021\/03\/Slide08-723x1024.jpg 723w, https:\/\/museo.inf.upv.es\/wp-content\/uploads\/2021\/03\/Slide08-768x1087.jpg 768w, https:\/\/museo.inf.upv.es\/wp-content\/uploads\/2021\/03\/Slide08-1085x1536.jpg 1085w, https:\/\/museo.inf.upv.es\/wp-content\/uploads\/2021\/03\/Slide08.jpg 1280w\" sizes=\"auto, (max-width: 212px) 100vw, 212px\" \/><\/a>\n\t\t\t<\/dt><\/dl><dl class='gallery-item'>\n\t\t\t<dt class='gallery-icon portrait'>\n\t\t\t\t<a href='https:\/\/museo.inf.upv.es\/va\/premios-alan-turing\/slide06\/#main'><img loading=\"lazy\" decoding=\"async\" width=\"212\" height=\"300\" src=\"https:\/\/museo.inf.upv.es\/wp-content\/uploads\/2021\/03\/Slide06-212x300.jpg\" class=\"attachment-medium size-medium\" alt=\"\" srcset=\"https:\/\/museo.inf.upv.es\/wp-content\/uploads\/2021\/03\/Slide06-212x300.jpg 212w, https:\/\/museo.inf.upv.es\/wp-content\/uploads\/2021\/03\/Slide06-723x1024.jpg 723w, https:\/\/museo.inf.upv.es\/wp-content\/uploads\/2021\/03\/Slide06-768x1087.jpg 768w, https:\/\/museo.inf.upv.es\/wp-content\/uploads\/2021\/03\/Slide06-1085x1536.jpg 1085w, https:\/\/museo.inf.upv.es\/wp-content\/uploads\/2021\/03\/Slide06.jpg 1280w\" sizes=\"auto, (max-width: 212px) 100vw, 212px\" \/><\/a>\n\t\t\t<\/dt><\/dl><dl class='gallery-item'>\n\t\t\t<dt class='gallery-icon portrait'>\n\t\t\t\t<a href='https:\/\/museo.inf.upv.es\/va\/premios-alan-turing\/slide04\/#main'><img loading=\"lazy\" decoding=\"async\" width=\"212\" height=\"300\" src=\"https:\/\/museo.inf.upv.es\/wp-content\/uploads\/2021\/03\/Slide04-212x300.jpg\" class=\"attachment-medium size-medium\" alt=\"\" srcset=\"https:\/\/museo.inf.upv.es\/wp-content\/uploads\/2021\/03\/Slide04-212x300.jpg 212w, https:\/\/museo.inf.upv.es\/wp-content\/uploads\/2021\/03\/Slide04-723x1024.jpg 723w, https:\/\/museo.inf.upv.es\/wp-content\/uploads\/2021\/03\/Slide04-768x1087.jpg 768w, https:\/\/museo.inf.upv.es\/wp-content\/uploads\/2021\/03\/Slide04-1085x1536.jpg 1085w, https:\/\/museo.inf.upv.es\/wp-content\/uploads\/2021\/03\/Slide04.jpg 1280w\" sizes=\"auto, (max-width: 212px) 100vw, 212px\" \/><\/a>\n\t\t\t<\/dt><\/dl><dl class='gallery-item'>\n\t\t\t<dt class='gallery-icon portrait'>\n\t\t\t\t<a href='https:\/\/museo.inf.upv.es\/va\/premios-alan-turing\/slide05\/#main'><img loading=\"lazy\" decoding=\"async\" width=\"212\" height=\"300\" src=\"https:\/\/museo.inf.upv.es\/wp-content\/uploads\/2021\/03\/Slide05-212x300.jpg\" class=\"attachment-medium size-medium\" alt=\"\" srcset=\"https:\/\/museo.inf.upv.es\/wp-content\/uploads\/2021\/03\/Slide05-212x300.jpg 212w, https:\/\/museo.inf.upv.es\/wp-content\/uploads\/2021\/03\/Slide05-723x1024.jpg 723w, https:\/\/museo.inf.upv.es\/wp-content\/uploads\/2021\/03\/Slide05-768x1087.jpg 768w, https:\/\/museo.inf.upv.es\/wp-content\/uploads\/2021\/03\/Slide05-1085x1536.jpg 1085w, https:\/\/museo.inf.upv.es\/wp-content\/uploads\/2021\/03\/Slide05.jpg 1280w\" sizes=\"auto, (max-width: 212px) 100vw, 212px\" \/><\/a>\n\t\t\t<\/dt><\/dl><br style=\"clear: both\" \/><dl class='gallery-item'>\n\t\t\t<dt class='gallery-icon portrait'>\n\t\t\t\t<a href='https:\/\/museo.inf.upv.es\/va\/premios-alan-turing\/slide03\/#main'><img loading=\"lazy\" decoding=\"async\" width=\"212\" height=\"300\" src=\"https:\/\/museo.inf.upv.es\/wp-content\/uploads\/2021\/03\/Slide03-212x300.jpg\" class=\"attachment-medium size-medium\" alt=\"\" srcset=\"https:\/\/museo.inf.upv.es\/wp-content\/uploads\/2021\/03\/Slide03-212x300.jpg 212w, https:\/\/museo.inf.upv.es\/wp-content\/uploads\/2021\/03\/Slide03-723x1024.jpg 723w, https:\/\/museo.inf.upv.es\/wp-content\/uploads\/2021\/03\/Slide03-768x1087.jpg 768w, https:\/\/museo.inf.upv.es\/wp-content\/uploads\/2021\/03\/Slide03-1085x1536.jpg 1085w, https:\/\/museo.inf.upv.es\/wp-content\/uploads\/2021\/03\/Slide03.jpg 1280w\" sizes=\"auto, (max-width: 212px) 100vw, 212px\" \/><\/a>\n\t\t\t<\/dt><\/dl><dl class='gallery-item'>\n\t\t\t<dt class='gallery-icon portrait'>\n\t\t\t\t<a href='https:\/\/museo.inf.upv.es\/va\/premios-alan-turing\/slide02\/#main'><img loading=\"lazy\" decoding=\"async\" width=\"212\" height=\"300\" src=\"https:\/\/museo.inf.upv.es\/wp-content\/uploads\/2021\/03\/Slide02-212x300.jpg\" class=\"attachment-medium size-medium\" alt=\"\" srcset=\"https:\/\/museo.inf.upv.es\/wp-content\/uploads\/2021\/03\/Slide02-212x300.jpg 212w, https:\/\/museo.inf.upv.es\/wp-content\/uploads\/2021\/03\/Slide02-723x1024.jpg 723w, https:\/\/museo.inf.upv.es\/wp-content\/uploads\/2021\/03\/Slide02-768x1087.jpg 768w, https:\/\/museo.inf.upv.es\/wp-content\/uploads\/2021\/03\/Slide02-1085x1536.jpg 1085w, https:\/\/museo.inf.upv.es\/wp-content\/uploads\/2021\/03\/Slide02.jpg 1280w\" sizes=\"auto, (max-width: 212px) 100vw, 212px\" \/><\/a>\n\t\t\t<\/dt><\/dl><dl class='gallery-item'>\n\t\t\t<dt class='gallery-icon portrait'>\n\t\t\t\t<a href='https:\/\/museo.inf.upv.es\/va\/premios-alan-turing\/slide01\/#main'><img loading=\"lazy\" decoding=\"async\" width=\"212\" height=\"300\" src=\"https:\/\/museo.inf.upv.es\/wp-content\/uploads\/2021\/03\/Slide01-212x300.jpg\" class=\"attachment-medium size-medium\" alt=\"\" srcset=\"https:\/\/museo.inf.upv.es\/wp-content\/uploads\/2021\/03\/Slide01-212x300.jpg 212w, https:\/\/museo.inf.upv.es\/wp-content\/uploads\/2021\/03\/Slide01-723x1024.jpg 723w, https:\/\/museo.inf.upv.es\/wp-content\/uploads\/2021\/03\/Slide01-768x1087.jpg 768w, https:\/\/museo.inf.upv.es\/wp-content\/uploads\/2021\/03\/Slide01-1085x1536.jpg 1085w, https:\/\/museo.inf.upv.es\/wp-content\/uploads\/2021\/03\/Slide01.jpg 1280w\" sizes=\"auto, (max-width: 212px) 100vw, 212px\" \/><\/a>\n\t\t\t<\/dt><\/dl><dl class='gallery-item'>\n\t\t\t<dt class='gallery-icon portrait'>\n\t\t\t\t<a href='https:\/\/museo.inf.upv.es\/va\/premios-alan-turing\/slide20\/#main'><img loading=\"lazy\" decoding=\"async\" width=\"212\" height=\"300\" src=\"https:\/\/museo.inf.upv.es\/wp-content\/uploads\/2021\/03\/Slide20-212x300.jpg\" class=\"attachment-medium size-medium\" alt=\"\" srcset=\"https:\/\/museo.inf.upv.es\/wp-content\/uploads\/2021\/03\/Slide20-212x300.jpg 212w, https:\/\/museo.inf.upv.es\/wp-content\/uploads\/2021\/03\/Slide20-723x1024.jpg 723w, https:\/\/museo.inf.upv.es\/wp-content\/uploads\/2021\/03\/Slide20-768x1087.jpg 768w, https:\/\/museo.inf.upv.es\/wp-content\/uploads\/2021\/03\/Slide20-1085x1536.jpg 1085w, https:\/\/museo.inf.upv.es\/wp-content\/uploads\/2021\/03\/Slide20.jpg 1280w\" sizes=\"auto, (max-width: 212px) 100vw, 212px\" \/><\/a>\n\t\t\t<\/dt><\/dl><br style=\"clear: both\" \/><dl class='gallery-item'>\n\t\t\t<dt class='gallery-icon portrait'>\n\t\t\t\t<a href='https:\/\/museo.inf.upv.es\/va\/premios-alan-turing\/slide21\/#main'><img loading=\"lazy\" decoding=\"async\" width=\"212\" height=\"300\" src=\"https:\/\/museo.inf.upv.es\/wp-content\/uploads\/2021\/03\/Slide21-212x300.jpg\" class=\"attachment-medium size-medium\" alt=\"\" srcset=\"https:\/\/museo.inf.upv.es\/wp-content\/uploads\/2021\/03\/Slide21-212x300.jpg 212w, https:\/\/museo.inf.upv.es\/wp-content\/uploads\/2021\/03\/Slide21-723x1024.jpg 723w, https:\/\/museo.inf.upv.es\/wp-content\/uploads\/2021\/03\/Slide21-768x1087.jpg 768w, https:\/\/museo.inf.upv.es\/wp-content\/uploads\/2021\/03\/Slide21-1085x1536.jpg 1085w, https:\/\/museo.inf.upv.es\/wp-content\/uploads\/2021\/03\/Slide21.jpg 1280w\" sizes=\"auto, (max-width: 212px) 100vw, 212px\" \/><\/a>\n\t\t\t<\/dt><\/dl><dl class='gallery-item'>\n\t\t\t<dt class='gallery-icon portrait'>\n\t\t\t\t<a href='https:\/\/museo.inf.upv.es\/va\/premios-alan-turing\/slide19\/#main'><img loading=\"lazy\" decoding=\"async\" width=\"212\" height=\"300\" src=\"https:\/\/museo.inf.upv.es\/wp-content\/uploads\/2021\/03\/Slide19-212x300.jpg\" class=\"attachment-medium size-medium\" alt=\"\" srcset=\"https:\/\/museo.inf.upv.es\/wp-content\/uploads\/2021\/03\/Slide19-212x300.jpg 212w, https:\/\/museo.inf.upv.es\/wp-content\/uploads\/2021\/03\/Slide19-723x1024.jpg 723w, https:\/\/museo.inf.upv.es\/wp-content\/uploads\/2021\/03\/Slide19-768x1087.jpg 768w, https:\/\/museo.inf.upv.es\/wp-content\/uploads\/2021\/03\/Slide19-1085x1536.jpg 1085w, https:\/\/museo.inf.upv.es\/wp-content\/uploads\/2021\/03\/Slide19.jpg 1280w\" sizes=\"auto, (max-width: 212px) 100vw, 212px\" \/><\/a>\n\t\t\t<\/dt><\/dl><dl class='gallery-item'>\n\t\t\t<dt class='gallery-icon portrait'>\n\t\t\t\t<a href='https:\/\/museo.inf.upv.es\/va\/premios-alan-turing\/slide18\/#main'><img loading=\"lazy\" decoding=\"async\" width=\"212\" height=\"300\" src=\"https:\/\/museo.inf.upv.es\/wp-content\/uploads\/2021\/03\/Slide18-212x300.jpg\" class=\"attachment-medium size-medium\" alt=\"\" srcset=\"https:\/\/museo.inf.upv.es\/wp-content\/uploads\/2021\/03\/Slide18-212x300.jpg 212w, https:\/\/museo.inf.upv.es\/wp-content\/uploads\/2021\/03\/Slide18-723x1024.jpg 723w, https:\/\/museo.inf.upv.es\/wp-content\/uploads\/2021\/03\/Slide18-768x1087.jpg 768w, https:\/\/museo.inf.upv.es\/wp-content\/uploads\/2021\/03\/Slide18-1085x1536.jpg 1085w, https:\/\/museo.inf.upv.es\/wp-content\/uploads\/2021\/03\/Slide18.jpg 1280w\" sizes=\"auto, (max-width: 212px) 100vw, 212px\" \/><\/a>\n\t\t\t<\/dt><\/dl><dl class='gallery-item'>\n\t\t\t<dt class='gallery-icon portrait'>\n\t\t\t\t<a href='https:\/\/museo.inf.upv.es\/va\/premios-alan-turing\/slide17\/#main'><img loading=\"lazy\" decoding=\"async\" width=\"212\" height=\"300\" src=\"https:\/\/museo.inf.upv.es\/wp-content\/uploads\/2021\/03\/Slide17-212x300.jpg\" class=\"attachment-medium size-medium\" alt=\"\" srcset=\"https:\/\/museo.inf.upv.es\/wp-content\/uploads\/2021\/03\/Slide17-212x300.jpg 212w, https:\/\/museo.inf.upv.es\/wp-content\/uploads\/2021\/03\/Slide17-723x1024.jpg 723w, https:\/\/museo.inf.upv.es\/wp-content\/uploads\/2021\/03\/Slide17-768x1087.jpg 768w, https:\/\/museo.inf.upv.es\/wp-content\/uploads\/2021\/03\/Slide17-1085x1536.jpg 1085w, https:\/\/museo.inf.upv.es\/wp-content\/uploads\/2021\/03\/Slide17.jpg 1280w\" sizes=\"auto, (max-width: 212px) 100vw, 212px\" \/><\/a>\n\t\t\t<\/dt><\/dl><br style=\"clear: both\" \/><dl class='gallery-item'>\n\t\t\t<dt class='gallery-icon portrait'>\n\t\t\t\t<a href='https:\/\/museo.inf.upv.es\/va\/premios-alan-turing\/slide16\/#main'><img loading=\"lazy\" decoding=\"async\" width=\"212\" height=\"300\" src=\"https:\/\/museo.inf.upv.es\/wp-content\/uploads\/2021\/03\/Slide16-212x300.jpg\" class=\"attachment-medium size-medium\" alt=\"\" srcset=\"https:\/\/museo.inf.upv.es\/wp-content\/uploads\/2021\/03\/Slide16-212x300.jpg 212w, https:\/\/museo.inf.upv.es\/wp-content\/uploads\/2021\/03\/Slide16-723x1024.jpg 723w, https:\/\/museo.inf.upv.es\/wp-content\/uploads\/2021\/03\/Slide16-768x1087.jpg 768w, https:\/\/museo.inf.upv.es\/wp-content\/uploads\/2021\/03\/Slide16-1085x1536.jpg 1085w, https:\/\/museo.inf.upv.es\/wp-content\/uploads\/2021\/03\/Slide16.jpg 1280w\" sizes=\"auto, (max-width: 212px) 100vw, 212px\" \/><\/a>\n\t\t\t<\/dt><\/dl>\n\t\t\t<br style='clear: both' \/>\n\t\t<\/div>\n\n<p><\/p>","protected":false},"excerpt":{"rendered":"<p>El Museu d\u2019Inform\u00e0tica i l\u2019Escola T\u00e8cnica Superior d\u2019Enginyeria Inform\u00e0tica (ETSINF), us conviden a visitar l\u2019Exposici\u00f3 sobre el\u00a0Premi Turing\u00a0 (ACM Turing Award)\u00a0que hi ha instal\u00b7lada en la planta baixa de l\u2019edifici 1 G. L\u2019exposici\u00f3 tracta de donar visibilitat a les grans figures de l\u2019enginyeria inform\u00e0tica, en l\u00ednia amb altres iniciatives de divulgaci\u00f3 promogudes pel Museu i [&hellip;]<\/p>\n","protected":false},"author":1,"featured_media":0,"parent":0,"menu_order":0,"comment_status":"closed","ping_status":"closed","template":"","meta":{"_monsterinsights_skip_tracking":false,"_monsterinsights_sitenote_active":false,"_monsterinsights_sitenote_note":"","_monsterinsights_sitenote_category":0,"footnotes":""},"class_list":["post-252","page","type-page","status-publish","hentry","post"],"yoast_head":"<!-- This site is optimized with the Yoast SEO plugin v27.4 - https:\/\/yoast.com\/product\/yoast-seo-wordpress\/ -->\n<title>Premis Alan Turing - Web del Museo de Inform\u00e1tica 2.0<\/title>\n<meta name=\"robots\" content=\"index, follow, max-snippet:-1, max-image-preview:large, max-video-preview:-1\" \/>\n<link rel=\"canonical\" href=\"https:\/\/museo.inf.upv.es\/premios-alan-turing\/\" \/>\n<meta property=\"og:locale\" content=\"en_US\" \/>\n<meta property=\"og:type\" content=\"article\" \/>\n<meta property=\"og:title\" content=\"Premis Alan Turing - Web del Museo de Inform\u00e1tica 2.0\" \/>\n<meta property=\"og:description\" content=\"El Museu d\u2019Inform\u00e0tica i l\u2019Escola T\u00e8cnica Superior d\u2019Enginyeria Inform\u00e0tica (ETSINF), us conviden a visitar l\u2019Exposici\u00f3 sobre el\u00a0Premi Turing\u00a0 (ACM Turing Award)\u00a0que hi ha instal\u00b7lada en la planta baixa de l\u2019edifici 1 G. L\u2019exposici\u00f3 tracta de donar visibilitat a les grans figures de l\u2019enginyeria inform\u00e0tica, en l\u00ednia amb altres iniciatives de divulgaci\u00f3 promogudes pel Museu i [&hellip;]\" \/>\n<meta property=\"og:url\" content=\"https:\/\/museo.inf.upv.es\/premios-alan-turing\/\" \/>\n<meta property=\"og:site_name\" content=\"Web del Museo de Inform\u00e1tica 2.0\" \/>\n<meta property=\"article:modified_time\" content=\"2021-04-23T19:46:02+00:00\" \/>\n<meta property=\"og:image\" content=\"https:\/\/museo.inf.upv.es\/wp-content\/uploads\/2021\/03\/Slide14-212x300.jpg\" \/>\n<meta name=\"twitter:card\" content=\"summary_large_image\" \/>\n<meta name=\"twitter:label1\" content=\"Est. reading time\" \/>\n\t<meta name=\"twitter:data1\" content=\"3 minutes\" \/>\n<script type=\"application\/ld+json\" class=\"yoast-schema-graph\">{\"@context\":\"https:\\\/\\\/schema.org\",\"@graph\":[{\"@type\":\"WebPage\",\"@id\":\"https:\\\/\\\/museo.inf.upv.es\\\/premios-alan-turing\\\/\",\"url\":\"https:\\\/\\\/museo.inf.upv.es\\\/premios-alan-turing\\\/\",\"name\":\"Premis Alan Turing - Web del Museo de Inform\u00e1tica 2.0\",\"isPartOf\":{\"@id\":\"https:\\\/\\\/museo.inf.upv.es\\\/#website\"},\"primaryImageOfPage\":{\"@id\":\"https:\\\/\\\/museo.inf.upv.es\\\/premios-alan-turing\\\/#primaryimage\"},\"image\":{\"@id\":\"https:\\\/\\\/museo.inf.upv.es\\\/premios-alan-turing\\\/#primaryimage\"},\"thumbnailUrl\":\"https:\\\/\\\/museoinf.webs.upv.es\\\/wp-content\\\/uploads\\\/2021\\\/03\\\/I-ETS-1802-premios-turing.png\",\"datePublished\":\"2021-03-31T14:55:56+00:00\",\"dateModified\":\"2021-04-23T19:46:02+00:00\",\"breadcrumb\":{\"@id\":\"https:\\\/\\\/museo.inf.upv.es\\\/premios-alan-turing\\\/#breadcrumb\"},\"inLanguage\":\"va-VA\",\"potentialAction\":[{\"@type\":\"ReadAction\",\"target\":[\"https:\\\/\\\/museo.inf.upv.es\\\/premios-alan-turing\\\/\"]}]},{\"@type\":\"ImageObject\",\"inLanguage\":\"va-VA\",\"@id\":\"https:\\\/\\\/museo.inf.upv.es\\\/premios-alan-turing\\\/#primaryimage\",\"url\":\"https:\\\/\\\/museoinf.webs.upv.es\\\/wp-content\\\/uploads\\\/2021\\\/03\\\/I-ETS-1802-premios-turing.png\",\"contentUrl\":\"https:\\\/\\\/museoinf.webs.upv.es\\\/wp-content\\\/uploads\\\/2021\\\/03\\\/I-ETS-1802-premios-turing.png\"},{\"@type\":\"BreadcrumbList\",\"@id\":\"https:\\\/\\\/museo.inf.upv.es\\\/premios-alan-turing\\\/#breadcrumb\",\"itemListElement\":[{\"@type\":\"ListItem\",\"position\":1,\"name\":\"Portada\",\"item\":\"https:\\\/\\\/museo.inf.upv.es\\\/\"},{\"@type\":\"ListItem\",\"position\":2,\"name\":\"Premios Alan Turing\"}]},{\"@type\":\"WebSite\",\"@id\":\"https:\\\/\\\/museo.inf.upv.es\\\/#website\",\"url\":\"https:\\\/\\\/museo.inf.upv.es\\\/\",\"name\":\"Web del Museo de Inform\u00e1tica 2.0\",\"description\":\"Web del Museo de Inform\u00e1tica 2.0\",\"potentialAction\":[{\"@type\":\"SearchAction\",\"target\":{\"@type\":\"EntryPoint\",\"urlTemplate\":\"https:\\\/\\\/museo.inf.upv.es\\\/?s={search_term_string}\"},\"query-input\":{\"@type\":\"PropertyValueSpecification\",\"valueRequired\":true,\"valueName\":\"search_term_string\"}}],\"inLanguage\":\"va-VA\"}]}<\/script>\n<!-- \/ Yoast SEO plugin. -->","yoast_head_json":{"title":"Premis Alan Turing - Web del Museo de Inform\u00e1tica 2.0","robots":{"index":"index","follow":"follow","max-snippet":"max-snippet:-1","max-image-preview":"max-image-preview:large","max-video-preview":"max-video-preview:-1"},"canonical":"https:\/\/museo.inf.upv.es\/premios-alan-turing\/","og_locale":"en_US","og_type":"article","og_title":"Premis Alan Turing - Web del Museo de Inform\u00e1tica 2.0","og_description":"El Museu d\u2019Inform\u00e0tica i l\u2019Escola T\u00e8cnica Superior d\u2019Enginyeria Inform\u00e0tica (ETSINF), us conviden a visitar l\u2019Exposici\u00f3 sobre el\u00a0Premi Turing\u00a0 (ACM Turing Award)\u00a0que hi ha instal\u00b7lada en la planta baixa de l\u2019edifici 1 G. L\u2019exposici\u00f3 tracta de donar visibilitat a les grans figures de l\u2019enginyeria inform\u00e0tica, en l\u00ednia amb altres iniciatives de divulgaci\u00f3 promogudes pel Museu i [&hellip;]","og_url":"https:\/\/museo.inf.upv.es\/premios-alan-turing\/","og_site_name":"Web del Museo de Inform\u00e1tica 2.0","article_modified_time":"2021-04-23T19:46:02+00:00","og_image":[{"url":"https:\/\/museo.inf.upv.es\/wp-content\/uploads\/2021\/03\/Slide14-212x300.jpg","type":"","width":"","height":""}],"twitter_card":"summary_large_image","twitter_misc":{"Est. reading time":"3 minutes"},"schema":{"@context":"https:\/\/schema.org","@graph":[{"@type":"WebPage","@id":"https:\/\/museo.inf.upv.es\/premios-alan-turing\/","url":"https:\/\/museo.inf.upv.es\/premios-alan-turing\/","name":"Premis Alan Turing - Web del Museo de Inform\u00e1tica 2.0","isPartOf":{"@id":"https:\/\/museo.inf.upv.es\/#website"},"primaryImageOfPage":{"@id":"https:\/\/museo.inf.upv.es\/premios-alan-turing\/#primaryimage"},"image":{"@id":"https:\/\/museo.inf.upv.es\/premios-alan-turing\/#primaryimage"},"thumbnailUrl":"https:\/\/museoinf.webs.upv.es\/wp-content\/uploads\/2021\/03\/I-ETS-1802-premios-turing.png","datePublished":"2021-03-31T14:55:56+00:00","dateModified":"2021-04-23T19:46:02+00:00","breadcrumb":{"@id":"https:\/\/museo.inf.upv.es\/premios-alan-turing\/#breadcrumb"},"inLanguage":"va-VA","potentialAction":[{"@type":"ReadAction","target":["https:\/\/museo.inf.upv.es\/premios-alan-turing\/"]}]},{"@type":"ImageObject","inLanguage":"va-VA","@id":"https:\/\/museo.inf.upv.es\/premios-alan-turing\/#primaryimage","url":"https:\/\/museoinf.webs.upv.es\/wp-content\/uploads\/2021\/03\/I-ETS-1802-premios-turing.png","contentUrl":"https:\/\/museoinf.webs.upv.es\/wp-content\/uploads\/2021\/03\/I-ETS-1802-premios-turing.png"},{"@type":"BreadcrumbList","@id":"https:\/\/museo.inf.upv.es\/premios-alan-turing\/#breadcrumb","itemListElement":[{"@type":"ListItem","position":1,"name":"Portada","item":"https:\/\/museo.inf.upv.es\/"},{"@type":"ListItem","position":2,"name":"Premios Alan Turing"}]},{"@type":"WebSite","@id":"https:\/\/museo.inf.upv.es\/#website","url":"https:\/\/museo.inf.upv.es\/","name":"Web del Museo de Inform\u00e1tica 2.0","description":"Web del Museo de Inform\u00e1tica 2.0","potentialAction":[{"@type":"SearchAction","target":{"@type":"EntryPoint","urlTemplate":"https:\/\/museo.inf.upv.es\/?s={search_term_string}"},"query-input":{"@type":"PropertyValueSpecification","valueRequired":true,"valueName":"search_term_string"}}],"inLanguage":"va-VA"}]}},"_links":{"self":[{"href":"https:\/\/museo.inf.upv.es\/va\/wp-json\/wp\/v2\/pages\/252","targetHints":{"allow":["GET"]}}],"collection":[{"href":"https:\/\/museo.inf.upv.es\/va\/wp-json\/wp\/v2\/pages"}],"about":[{"href":"https:\/\/museo.inf.upv.es\/va\/wp-json\/wp\/v2\/types\/page"}],"author":[{"embeddable":true,"href":"https:\/\/museo.inf.upv.es\/va\/wp-json\/wp\/v2\/users\/1"}],"replies":[{"embeddable":true,"href":"https:\/\/museo.inf.upv.es\/va\/wp-json\/wp\/v2\/comments?post=252"}],"version-history":[{"count":35,"href":"https:\/\/museo.inf.upv.es\/va\/wp-json\/wp\/v2\/pages\/252\/revisions"}],"predecessor-version":[{"id":2788,"href":"https:\/\/museo.inf.upv.es\/va\/wp-json\/wp\/v2\/pages\/252\/revisions\/2788"}],"wp:attachment":[{"href":"https:\/\/museo.inf.upv.es\/va\/wp-json\/wp\/v2\/media?parent=252"}],"curies":[{"name":"wp","href":"https:\/\/api.w.org\/{rel}","templated":true}]}}