{"id":9456,"date":"2021-09-13T18:08:03","date_gmt":"2021-09-13T18:08:03","guid":{"rendered":"https:\/\/museo.inf.upv.es\/?page_id=8807"},"modified":"2025-01-28T17:48:13","modified_gmt":"2025-01-28T17:48:13","slug":"equipo","status":"publish","type":"page","link":"https:\/\/museo.inf.upv.es\/va\/equipo\/","title":{"rendered":"Equip"},"content":{"rendered":"<h1>Equipo del Museo de Inform\u00e1tica de la ETSINF<\/h1>\n<p>El actual equipo del Museo de Inform\u00e1tica est\u00e1 formado por:<\/p>\n<hr \/>\n<p style=\"text-align: left;\"><strong>Direcci\u00f3n<\/strong><\/p>\n<p style=\"text-align: left;\">\u00a0 \u00a0Director: <strong>Javier Palanca C\u00e1mara<\/strong>\u00a0\u00a0<span style=\"background-color: #ccffff;\">Contacto: direccio.museu @ etsinf.upv.es<\/span><\/p>\n<hr \/>\n<p style=\"text-align: left;\"><strong>Actividades y Visitas<\/strong><\/p>\n<p style=\"text-align: left;\">\u00a0 \u00a0Responsable: <strong>Eliseo Marzal Calatayud <\/strong>\u00a0\u00a0<span style=\"background-color: #ccffff;\">Contacto: didactica.museu @ etsinf.upv.es<\/span><\/p>\n<p><strong>\u00a0 Dami\u00e1n L\u00f3pez Rodriguez<\/strong><\/p>\n<div class=\"\"><span class=\"\">\u00a0<strong> Leticia Llacer Abell\u00e1n<\/strong><\/span><\/div>\n<div>\u00a0<\/div>\n<div><span class=\"\">\u00a0<strong> Xavier Molero Prieto<\/strong><\/span><\/div>\n<div class=\"\">\n<div class=\"\">\u00a0<\/div>\n<\/div>\n<hr \/>\n<p style=\"text-align: left;\"><strong>Museo en Vivo<\/strong><\/p>\n<p>\u00a0 \u00a0Responsable: <strong>Jorge Gonz\u00e1lez Moll\u00e1 <\/strong>\u00a0\u00a0<span style=\"background-color: #ccffff;\">Contacto: enviu.museu @ etsinf.upv.es<\/span><\/p>\n<p><span class=\"\"><strong>\u00a0 \u00a0Jos\u00e9 \u00c1ngel Cars\u00ed Cubel<\/strong><\/span><\/p>\n<hr \/>\n<p style=\"text-align: left;\"><strong>Comunicaci\u00f3n<\/strong><\/p>\n<p style=\"text-align: left;\">\u00a0 \u00a0Responsable: <strong>Fernando Garc\u00eda Granada <\/strong>\u00a0\u00a0<span style=\"background-color: #ccffff;\">Contacto:\u00a0comunicacio.museu @ etsinf.upv.es<\/span><\/p>\n<hr \/>\n<p style=\"text-align: left;\"><strong>\u00c1rea de Catalogaci\u00f3n<\/strong><\/p>\n<p style=\"text-align: left;\"><strong>\u00a0 \u00a0\u00c1urea P\u00e9rez Fr\u00edas<\/strong><\/p>\n<hr \/>\n<p style=\"text-align: left;\"><strong>\u00c1rea de Fotograf\u00eda<\/strong><\/p>\n<p style=\"text-align: left;\"><strong>\u00a0 \u00a0Alvaro Domenech<\/strong><\/p>\n<hr \/>\n<p style=\"text-align: left;\"><strong>Restauraci\u00f3n de equipos (Resucitador)<\/strong><\/p>\n<p style=\"text-align: left;\"><strong>\u00a0 \u00a0Javier Palanca C\u00e1mara<\/strong><\/p>\n\n\n<p><strong>\u00a0 \u00a0<\/strong><\/p>\n","protected":false},"excerpt":{"rendered":"<p>Equipo del Museo de Inform\u00e1tica de la ETSINF El actual equipo del Museo de Inform\u00e1tica est\u00e1 formado por: Direcci\u00f3n \u00a0 \u00a0Director: Javier Palanca C\u00e1mara\u00a0\u00a0Contacto: direccio.museu @ etsinf.upv.es Actividades y Visitas \u00a0 \u00a0Responsable: Eliseo Marzal Calatayud \u00a0\u00a0Contacto: didactica.museu @ etsinf.upv.es \u00a0 Dami\u00e1n L\u00f3pez Rodriguez \u00a0 Leticia Llacer Abell\u00e1n \u00a0 \u00a0 Xavier Molero Prieto \u00a0 Museo en [&hellip;]<\/p>\n","protected":false},"author":2,"featured_media":0,"parent":0,"menu_order":0,"comment_status":"closed","ping_status":"closed","template":"","meta":{"_monsterinsights_skip_tracking":false,"_monsterinsights_sitenote_active":false,"_monsterinsights_sitenote_note":"","_monsterinsights_sitenote_category":0,"footnotes":""},"class_list":["post-9456","page","type-page","status-publish","hentry","post"],"yoast_head":"<!-- This site is optimized with the Yoast SEO plugin v27.4 - https:\/\/yoast.com\/product\/yoast-seo-wordpress\/ -->\n<title>Equip - Web del Museo de Inform\u00e1tica 2.0<\/title>\n<meta name=\"robots\" content=\"index, follow, max-snippet:-1, max-image-preview:large, max-video-preview:-1\" \/>\n<link rel=\"canonical\" href=\"https:\/\/museo.inf.upv.es\/equipo\/\" \/>\n<meta property=\"og:locale\" content=\"en_US\" \/>\n<meta property=\"og:type\" content=\"article\" \/>\n<meta property=\"og:title\" content=\"Equip - Web del Museo de Inform\u00e1tica 2.0\" \/>\n<meta property=\"og:description\" content=\"Equipo del Museo de Inform\u00e1tica de la ETSINF El actual equipo del Museo de Inform\u00e1tica est\u00e1 formado por: Direcci\u00f3n \u00a0 \u00a0Director: Javier Palanca C\u00e1mara\u00a0\u00a0Contacto: direccio.museu @ etsinf.upv.es Actividades y Visitas \u00a0 \u00a0Responsable: Eliseo Marzal Calatayud \u00a0\u00a0Contacto: didactica.museu @ etsinf.upv.es \u00a0 Dami\u00e1n L\u00f3pez Rodriguez \u00a0 Leticia Llacer Abell\u00e1n \u00a0 \u00a0 Xavier Molero Prieto \u00a0 Museo en [&hellip;]\" \/>\n<meta property=\"og:url\" content=\"https:\/\/museo.inf.upv.es\/equipo\/\" \/>\n<meta property=\"og:site_name\" content=\"Web del Museo de Inform\u00e1tica 2.0\" \/>\n<meta property=\"article:modified_time\" content=\"2025-01-28T17:48:13+00:00\" \/>\n<meta name=\"twitter:card\" content=\"summary_large_image\" \/>\n<meta name=\"twitter:label1\" content=\"Est. reading time\" \/>\n\t<meta name=\"twitter:data1\" content=\"1 minute\" \/>\n<script type=\"application\/ld+json\" class=\"yoast-schema-graph\">{\"@context\":\"https:\\\/\\\/schema.org\",\"@graph\":[{\"@type\":\"WebPage\",\"@id\":\"https:\\\/\\\/museo.inf.upv.es\\\/equipo\\\/\",\"url\":\"https:\\\/\\\/museo.inf.upv.es\\\/equipo\\\/\",\"name\":\"Equip - Web del Museo de Inform\u00e1tica 2.0\",\"isPartOf\":{\"@id\":\"https:\\\/\\\/museo.inf.upv.es\\\/#website\"},\"datePublished\":\"2021-09-13T18:08:03+00:00\",\"dateModified\":\"2025-01-28T17:48:13+00:00\",\"breadcrumb\":{\"@id\":\"https:\\\/\\\/museo.inf.upv.es\\\/equipo\\\/#breadcrumb\"},\"inLanguage\":\"va-VA\",\"potentialAction\":[{\"@type\":\"ReadAction\",\"target\":[\"https:\\\/\\\/museo.inf.upv.es\\\/equipo\\\/\"]}]},{\"@type\":\"BreadcrumbList\",\"@id\":\"https:\\\/\\\/museo.inf.upv.es\\\/equipo\\\/#breadcrumb\",\"itemListElement\":[{\"@type\":\"ListItem\",\"position\":1,\"name\":\"Portada\",\"item\":\"https:\\\/\\\/museo.inf.upv.es\\\/\"},{\"@type\":\"ListItem\",\"position\":2,\"name\":\"Equipo\"}]},{\"@type\":\"WebSite\",\"@id\":\"https:\\\/\\\/museo.inf.upv.es\\\/#website\",\"url\":\"https:\\\/\\\/museo.inf.upv.es\\\/\",\"name\":\"Web del Museo de Inform\u00e1tica 2.0\",\"description\":\"Web del Museo de Inform\u00e1tica 2.0\",\"potentialAction\":[{\"@type\":\"SearchAction\",\"target\":{\"@type\":\"EntryPoint\",\"urlTemplate\":\"https:\\\/\\\/museo.inf.upv.es\\\/?s={search_term_string}\"},\"query-input\":{\"@type\":\"PropertyValueSpecification\",\"valueRequired\":true,\"valueName\":\"search_term_string\"}}],\"inLanguage\":\"va-VA\"}]}<\/script>\n<!-- \/ Yoast SEO plugin. -->","yoast_head_json":{"title":"Equip - Web del Museo de Inform\u00e1tica 2.0","robots":{"index":"index","follow":"follow","max-snippet":"max-snippet:-1","max-image-preview":"max-image-preview:large","max-video-preview":"max-video-preview:-1"},"canonical":"https:\/\/museo.inf.upv.es\/equipo\/","og_locale":"en_US","og_type":"article","og_title":"Equip - Web del Museo de Inform\u00e1tica 2.0","og_description":"Equipo del Museo de Inform\u00e1tica de la ETSINF El actual equipo del Museo de Inform\u00e1tica est\u00e1 formado por: Direcci\u00f3n \u00a0 \u00a0Director: Javier Palanca C\u00e1mara\u00a0\u00a0Contacto: direccio.museu @ etsinf.upv.es Actividades y Visitas \u00a0 \u00a0Responsable: Eliseo Marzal Calatayud \u00a0\u00a0Contacto: didactica.museu @ etsinf.upv.es \u00a0 Dami\u00e1n L\u00f3pez Rodriguez \u00a0 Leticia Llacer Abell\u00e1n \u00a0 \u00a0 Xavier Molero Prieto \u00a0 Museo en [&hellip;]","og_url":"https:\/\/museo.inf.upv.es\/equipo\/","og_site_name":"Web del Museo de Inform\u00e1tica 2.0","article_modified_time":"2025-01-28T17:48:13+00:00","twitter_card":"summary_large_image","twitter_misc":{"Est. reading time":"1 minute"},"schema":{"@context":"https:\/\/schema.org","@graph":[{"@type":"WebPage","@id":"https:\/\/museo.inf.upv.es\/equipo\/","url":"https:\/\/museo.inf.upv.es\/equipo\/","name":"Equip - Web del Museo de Inform\u00e1tica 2.0","isPartOf":{"@id":"https:\/\/museo.inf.upv.es\/#website"},"datePublished":"2021-09-13T18:08:03+00:00","dateModified":"2025-01-28T17:48:13+00:00","breadcrumb":{"@id":"https:\/\/museo.inf.upv.es\/equipo\/#breadcrumb"},"inLanguage":"va-VA","potentialAction":[{"@type":"ReadAction","target":["https:\/\/museo.inf.upv.es\/equipo\/"]}]},{"@type":"BreadcrumbList","@id":"https:\/\/museo.inf.upv.es\/equipo\/#breadcrumb","itemListElement":[{"@type":"ListItem","position":1,"name":"Portada","item":"https:\/\/museo.inf.upv.es\/"},{"@type":"ListItem","position":2,"name":"Equipo"}]},{"@type":"WebSite","@id":"https:\/\/museo.inf.upv.es\/#website","url":"https:\/\/museo.inf.upv.es\/","name":"Web del Museo de Inform\u00e1tica 2.0","description":"Web del Museo de Inform\u00e1tica 2.0","potentialAction":[{"@type":"SearchAction","target":{"@type":"EntryPoint","urlTemplate":"https:\/\/museo.inf.upv.es\/?s={search_term_string}"},"query-input":{"@type":"PropertyValueSpecification","valueRequired":true,"valueName":"search_term_string"}}],"inLanguage":"va-VA"}]}},"_links":{"self":[{"href":"https:\/\/museo.inf.upv.es\/va\/wp-json\/wp\/v2\/pages\/9456","targetHints":{"allow":["GET"]}}],"collection":[{"href":"https:\/\/museo.inf.upv.es\/va\/wp-json\/wp\/v2\/pages"}],"about":[{"href":"https:\/\/museo.inf.upv.es\/va\/wp-json\/wp\/v2\/types\/page"}],"author":[{"embeddable":true,"href":"https:\/\/museo.inf.upv.es\/va\/wp-json\/wp\/v2\/users\/2"}],"replies":[{"embeddable":true,"href":"https:\/\/museo.inf.upv.es\/va\/wp-json\/wp\/v2\/comments?post=9456"}],"version-history":[{"count":15,"href":"https:\/\/museo.inf.upv.es\/va\/wp-json\/wp\/v2\/pages\/9456\/revisions"}],"predecessor-version":[{"id":11660,"href":"https:\/\/museo.inf.upv.es\/va\/wp-json\/wp\/v2\/pages\/9456\/revisions\/11660"}],"wp:attachment":[{"href":"https:\/\/museo.inf.upv.es\/va\/wp-json\/wp\/v2\/media?parent=9456"}],"curies":[{"name":"wp","href":"https:\/\/api.w.org\/{rel}","templated":true}]}}